{"id":1307,"date":"2019-08-16T09:17:14","date_gmt":"2019-08-16T09:17:14","guid":{"rendered":"https:\/\/biagiotti.qodeinteractive.com\/elementor\/?page_id=1307"},"modified":"2025-06-23T13:20:51","modified_gmt":"2025-06-23T17:20:51","slug":"a-propos","status":"publish","type":"page","link":"https:\/\/alphakeratine.com\/fr\/a-propos\/","title":{"rendered":"\u00c0 Propos"},"content":{"rendered":"<p><img fetchpriority=\"high\" decoding=\"async\" src=\"https:\/\/alphakeratine.com\/wp-content\/uploads\/2022\/05\/KERATINE-1-2000x450.png\" alt=\"\" width=\"2000\" height=\"450\" \/><\/p>\n<section>\n<h2>L\u2019excellence capillaire depuis 2007<\/h2>\n<p>Bas\u00e9e \u00e0 Montr\u00e9al, notre soci\u00e9t\u00e9 d\u00e9veloppe depuis 2007 des soins capillaires professionnels parmi les plus efficaces et naturels du march\u00e9.<br \/>\nNos formules lissantes, hydratantes et r\u00e9paratrices sont con\u00e7ues pour r\u00e9pondre aux attentes de notre client\u00e8le et aux besoins de tous les types de cheveux.<\/p>\n<h3>Des r\u00e9sultats visibles d\u00e8s la premi\u00e8re application<\/h3>\n<p>Enrichis d\u2019ingr\u00e9dients naturels rigoureusement s\u00e9lectionn\u00e9s, nos produits nourrissent en profondeur, r\u00e9duisent le volume, \u00e9liminent les frisottis<br \/>\net laissent les cheveux lisses, brillants et visiblement plus sains.<\/p>\n<h3>Un soin adapt\u00e9 \u00e0 chaque chevelure<\/h3>\n<p>Qu\u2019ils soient naturels ou trait\u00e9s chimiquement, tous les cheveux peuvent b\u00e9n\u00e9ficier de nos soins.<br \/>\nR\u00e9sistants \u00e0 l\u2019humidit\u00e9, \u00e0 la pluie et \u00e0 la transpiration, ils facilitent le coiffage et prot\u00e8gent durablement la fibre capillaire.<\/p>\n<h3>L\u2019efficacit\u00e9 professionnelle \u00e0 la maison<\/h3>\n<p>Pour prolonger les effets du traitement, nous proposons une gamme compl\u00e8te de soins \u00e0 la k\u00e9ratine :<br \/>\nshampooings, masques et s\u00e9rums.<\/p>\n<h3>Nos produits, votre nouvelle routine beaut\u00e9<\/h3>\n<p>Naturels, s\u00fbrs et performants, nos produits offrent une transformation visible d\u00e8s la premi\u00e8re utilisation \u2014<br \/>\npour des cheveux sains, souples et \u00e9clatants, jour apr\u00e8s jour.<\/p>\n<\/section>\n","protected":false},"excerpt":{"rendered":"<p>L\u2019excellence capillaire depuis 2007 Bas\u00e9e \u00e0 Montr\u00e9al, notre soci\u00e9t\u00e9 d\u00e9veloppe depuis 2007 des soins capillaires professionnels parmi les plus efficaces et naturels du march\u00e9. Nos formules lissantes, hydratantes et r\u00e9paratrices sont con\u00e7ues pour r\u00e9pondre aux attentes de notre client\u00e8le et [&hellip;]<\/p>\n","protected":false},"author":1,"featured_media":0,"parent":0,"menu_order":0,"comment_status":"closed","ping_status":"closed","template":"full-width.php","meta":{"footnotes":""},"class_list":["post-1307","page","type-page","status-publish","hentry"],"_links":{"self":[{"href":"https:\/\/alphakeratine.com\/fr\/wp-json\/wp\/v2\/pages\/1307","targetHints":{"allow":["GET"]}}],"collection":[{"href":"https:\/\/alphakeratine.com\/fr\/wp-json\/wp\/v2\/pages"}],"about":[{"href":"https:\/\/alphakeratine.com\/fr\/wp-json\/wp\/v2\/types\/page"}],"author":[{"embeddable":true,"href":"https:\/\/alphakeratine.com\/fr\/wp-json\/wp\/v2\/users\/1"}],"replies":[{"embeddable":true,"href":"https:\/\/alphakeratine.com\/fr\/wp-json\/wp\/v2\/comments?post=1307"}],"version-history":[{"count":0,"href":"https:\/\/alphakeratine.com\/fr\/wp-json\/wp\/v2\/pages\/1307\/revisions"}],"wp:attachment":[{"href":"https:\/\/alphakeratine.com\/fr\/wp-json\/wp\/v2\/media?parent=1307"}],"curies":[{"name":"wp","href":"https:\/\/api.w.org\/{rel}","templated":true}]}}